{"id":2590,"date":"2023-08-04T05:51:35","date_gmt":"2023-08-04T03:51:35","guid":{"rendered":"https:\/\/www.hak-lienz.at\/web\/?page_id=2590"},"modified":"2025-11-14T11:36:05","modified_gmt":"2025-11-14T10:36:05","slug":"umweltzeichen","status":"publish","type":"page","link":"https:\/\/www.hak-lienz.at\/web\/umweltzeichen\/","title":{"rendered":"Umweltzeichen"},"content":{"rendered":"\t\t<div data-elementor-type=\"wp-page\" data-elementor-id=\"2590\" class=\"elementor elementor-2590\" data-elementor-post-type=\"page\">\n\t\t\t\t\t\t\t\t\t<section class=\"elementor-section elementor-top-section elementor-element elementor-element-a4f5a28 elementor-section-height-min-height elementor-section-boxed elementor-section-height-default elementor-section-items-middle wpr-particle-no wpr-jarallax-no wpr-parallax-no wpr-sticky-section-no\" data-id=\"a4f5a28\" data-element_type=\"section\">\n\t\t\t\t\t\t\t<div class=\"elementor-background-overlay\"><\/div>\n\t\t\t\t\t\t\t<div class=\"elementor-container elementor-column-gap-default\">\n\t\t\t\t\t<div class=\"elementor-column elementor-col-100 elementor-top-column elementor-element elementor-element-0915545\" data-id=\"0915545\" data-element_type=\"column\">\n\t\t\t<div class=\"elementor-widget-wrap elementor-element-populated\">\n\t\t\t\t\t\t\t\t<div class=\"elementor-element elementor-element-1f0f0cd elementor-widget elementor-widget-menu-anchor\" data-id=\"1f0f0cd\" data-element_type=\"widget\" data-widget_type=\"menu-anchor.default\">\n\t\t\t\t<div class=\"elementor-widget-container\">\n\t\t\t<style>\/*! elementor - v3.17.0 - 08-11-2023 *\/\nbody.elementor-page .elementor-widget-menu-anchor{margin-bottom:0}<\/style>\t\t<div id=\"top\" class=\"elementor-menu-anchor\"><\/div>\n\t\t\t\t<\/div>\n\t\t\t\t<\/div>\n\t\t\t\t\t<\/div>\n\t\t<\/div>\n\t\t\t\t\t\t\t<\/div>\n\t\t<\/section>\n\t\t\t\t<section class=\"elementor-section elementor-top-section elementor-element elementor-element-547bccec elementor-section-boxed elementor-section-height-default elementor-section-height-default wpr-particle-no wpr-jarallax-no wpr-parallax-no wpr-sticky-section-no\" data-id=\"547bccec\" data-element_type=\"section\" data-settings=\"{&quot;background_background&quot;:&quot;classic&quot;}\">\n\t\t\t\t\t\t<div class=\"elementor-container elementor-column-gap-default\">\n\t\t\t\t\t<div class=\"elementor-column elementor-col-50 elementor-top-column elementor-element elementor-element-3a5ec483\" data-id=\"3a5ec483\" data-element_type=\"column\" data-settings=\"{&quot;background_background&quot;:&quot;classic&quot;}\">\n\t\t\t<div class=\"elementor-widget-wrap elementor-element-populated\">\n\t\t\t\t\t\t\t\t<div class=\"elementor-element elementor-element-16f1b85 elementor-widget elementor-widget-text-editor\" data-id=\"16f1b85\" data-element_type=\"widget\" data-widget_type=\"text-editor.default\">\n\t\t\t\t<div class=\"elementor-widget-container\">\n\t\t\t<style>\/*! elementor - v3.17.0 - 08-11-2023 *\/\n.elementor-widget-text-editor.elementor-drop-cap-view-stacked .elementor-drop-cap{background-color:#69727d;color:#fff}.elementor-widget-text-editor.elementor-drop-cap-view-framed .elementor-drop-cap{color:#69727d;border:3px solid;background-color:transparent}.elementor-widget-text-editor:not(.elementor-drop-cap-view-default) .elementor-drop-cap{margin-top:8px}.elementor-widget-text-editor:not(.elementor-drop-cap-view-default) .elementor-drop-cap-letter{width:1em;height:1em}.elementor-widget-text-editor .elementor-drop-cap{float:left;text-align:center;line-height:1;font-size:50px}.elementor-widget-text-editor .elementor-drop-cap-letter{display:inline-block}<\/style>\t\t\t\t<h1 style=\"line-height: normal; font-size: 25px;\"><span style=\"letter-spacing: normal;\">Umweltzeichen \u2013 wir sind zertifiziert!<\/span><\/h1><div>\u00d6kologie und \u00d6konomie sollen kein Widerspruch sein. Deshalb erarbeiteten wir gemeinsam \u2013 Sch\u00fcler und Sch\u00fclerinnen sowie Lehrer und Lehrerinnen \u2013 das Umweltzeichen f\u00fcr unsere Schule. Jeder und jede tr\u00e4gt Verantwortung f\u00fcr ein positives, gesundheitsf\u00f6rderndes Klassen- und Schulklima, f\u00fcr die nachhaltige Weiterentwicklung der Schule und f\u00fcr unsere Zukunft.<\/div>\t\t\t\t\t\t<\/div>\n\t\t\t\t<\/div>\n\t\t\t\t\t<\/div>\n\t\t<\/div>\n\t\t\t\t<div class=\"elementor-column elementor-col-50 elementor-top-column elementor-element elementor-element-57f0df6b\" data-id=\"57f0df6b\" data-element_type=\"column\" data-settings=\"{&quot;background_background&quot;:&quot;classic&quot;}\">\n\t\t\t<div class=\"elementor-widget-wrap elementor-element-populated\">\n\t\t\t\t\t\t\t\t<div class=\"elementor-element elementor-element-692a763 elementor-widget__width-initial elementor-widget-mobile_extra__width-initial elementor-widget elementor-widget-image\" data-id=\"692a763\" data-element_type=\"widget\" data-widget_type=\"image.default\">\n\t\t\t\t<div class=\"elementor-widget-container\">\n\t\t\t<style>\/*! elementor - v3.17.0 - 08-11-2023 *\/\n.elementor-widget-image{text-align:center}.elementor-widget-image a{display:inline-block}.elementor-widget-image a img[src$=\".svg\"]{width:48px}.elementor-widget-image img{vertical-align:middle;display:inline-block}<\/style>\t\t\t\t\t\t\t\t\t\t\t\t<img loading=\"lazy\" decoding=\"async\" width=\"842\" height=\"489\" src=\"https:\/\/www.hak-lienz.at\/web\/wp-content\/uploads\/2023\/08\/uz_schulen_alpha_web.png\" class=\"attachment-large size-large wp-image-2187\" alt=\"\" srcset=\"https:\/\/www.hak-lienz.at\/web\/wp-content\/uploads\/2023\/08\/uz_schulen_alpha_web.png 842w, https:\/\/www.hak-lienz.at\/web\/wp-content\/uploads\/2023\/08\/uz_schulen_alpha_web-300x174.png 300w, https:\/\/www.hak-lienz.at\/web\/wp-content\/uploads\/2023\/08\/uz_schulen_alpha_web-768x446.png 768w, https:\/\/www.hak-lienz.at\/web\/wp-content\/uploads\/2023\/08\/uz_schulen_alpha_web-50x29.png 50w, https:\/\/www.hak-lienz.at\/web\/wp-content\/uploads\/2023\/08\/uz_schulen_alpha_web-100x58.png 100w\" sizes=\"auto, (max-width: 842px) 100vw, 842px\" \/>\t\t\t\t\t\t\t\t\t\t\t\t\t\t\t<\/div>\n\t\t\t\t<\/div>\n\t\t\t\t\t<\/div>\n\t\t<\/div>\n\t\t\t\t\t\t\t<\/div>\n\t\t<\/section>\n\t\t\t\t<section class=\"elementor-section elementor-top-section elementor-element elementor-element-d23ecbe elementor-section-boxed elementor-section-height-default elementor-section-height-default wpr-particle-no wpr-jarallax-no wpr-parallax-no wpr-sticky-section-no\" data-id=\"d23ecbe\" data-element_type=\"section\" data-settings=\"{&quot;background_background&quot;:&quot;classic&quot;}\">\n\t\t\t\t\t\t<div class=\"elementor-container elementor-column-gap-default\">\n\t\t\t\t\t<div class=\"elementor-column elementor-col-50 elementor-top-column elementor-element elementor-element-7422f10\" data-id=\"7422f10\" data-element_type=\"column\" data-settings=\"{&quot;background_background&quot;:&quot;classic&quot;}\">\n\t\t\t<div class=\"elementor-widget-wrap elementor-element-populated\">\n\t\t\t\t\t\t\t\t<div class=\"elementor-element elementor-element-ef28149 elementor-widget__width-initial elementor-widget elementor-widget-image\" data-id=\"ef28149\" data-element_type=\"widget\" data-widget_type=\"image.default\">\n\t\t\t\t<div class=\"elementor-widget-container\">\n\t\t\t\t\t\t\t\t\t\t\t\t\t\t\t<img loading=\"lazy\" decoding=\"async\" width=\"2560\" height=\"1440\" src=\"https:\/\/www.hak-lienz.at\/web\/wp-content\/uploads\/2025\/11\/Umweltzeichen_Team_2025-scaled.jpg\" class=\"attachment-full size-full wp-image-13566\" alt=\"\" srcset=\"https:\/\/www.hak-lienz.at\/web\/wp-content\/uploads\/2025\/11\/Umweltzeichen_Team_2025-scaled.jpg 2560w, https:\/\/www.hak-lienz.at\/web\/wp-content\/uploads\/2025\/11\/Umweltzeichen_Team_2025-300x169.jpg 300w, https:\/\/www.hak-lienz.at\/web\/wp-content\/uploads\/2025\/11\/Umweltzeichen_Team_2025-1024x576.jpg 1024w, https:\/\/www.hak-lienz.at\/web\/wp-content\/uploads\/2025\/11\/Umweltzeichen_Team_2025-768x432.jpg 768w, https:\/\/www.hak-lienz.at\/web\/wp-content\/uploads\/2025\/11\/Umweltzeichen_Team_2025-1536x864.jpg 1536w, https:\/\/www.hak-lienz.at\/web\/wp-content\/uploads\/2025\/11\/Umweltzeichen_Team_2025-2048x1152.jpg 2048w, https:\/\/www.hak-lienz.at\/web\/wp-content\/uploads\/2025\/11\/Umweltzeichen_Team_2025-50x28.jpg 50w, https:\/\/www.hak-lienz.at\/web\/wp-content\/uploads\/2025\/11\/Umweltzeichen_Team_2025-100x56.jpg 100w\" sizes=\"auto, (max-width: 2560px) 100vw, 2560px\" \/>\t\t\t\t\t\t\t\t\t\t\t\t\t\t\t<\/div>\n\t\t\t\t<\/div>\n\t\t\t\t\t<\/div>\n\t\t<\/div>\n\t\t\t\t<div class=\"elementor-column elementor-col-50 elementor-top-column elementor-element elementor-element-a02dbd2\" data-id=\"a02dbd2\" data-element_type=\"column\" data-settings=\"{&quot;background_background&quot;:&quot;classic&quot;}\">\n\t\t\t<div class=\"elementor-widget-wrap elementor-element-populated\">\n\t\t\t\t\t\t\t\t<div class=\"elementor-element elementor-element-887e00c elementor-widget__width-initial elementor-widget elementor-widget-text-editor\" data-id=\"887e00c\" data-element_type=\"widget\" data-widget_type=\"text-editor.default\">\n\t\t\t\t<div class=\"elementor-widget-container\">\n\t\t\t\t\t\t\t<h1>Unser Umweltteam<b><br><\/b><\/h1>\n<p><b>hinten links:<\/b><br>Schulwart Hubert Forcher, Dir. Mag. Josef Pretis, Mag. Josef Dullnig<\/p>\n<p><b>vorne links:<\/b><br>Mag. Elke Haubner-K\u00f6ll, DI Mag. Sylvia Mattersberger, Mag. Birgit Hippacher<\/p>\t\t\t\t\t\t<\/div>\n\t\t\t\t<\/div>\n\t\t\t\t\t<\/div>\n\t\t<\/div>\n\t\t\t\t\t\t\t<\/div>\n\t\t<\/section>\n\t\t\t\t<section class=\"elementor-section elementor-top-section elementor-element elementor-element-e5e579d elementor-section-boxed elementor-section-height-default elementor-section-height-default wpr-particle-no wpr-jarallax-no wpr-parallax-no wpr-sticky-section-no\" data-id=\"e5e579d\" data-element_type=\"section\" data-settings=\"{&quot;background_background&quot;:&quot;classic&quot;}\">\n\t\t\t\t\t\t<div class=\"elementor-container elementor-column-gap-default\">\n\t\t\t\t\t<div class=\"elementor-column elementor-col-50 elementor-top-column elementor-element elementor-element-0885202\" data-id=\"0885202\" data-element_type=\"column\" data-settings=\"{&quot;background_background&quot;:&quot;classic&quot;}\">\n\t\t\t<div class=\"elementor-widget-wrap elementor-element-populated\">\n\t\t\t\t\t\t\t\t<div class=\"elementor-element elementor-element-31b9539 elementor-widget elementor-widget-text-editor\" data-id=\"31b9539\" data-element_type=\"widget\" data-widget_type=\"text-editor.default\">\n\t\t\t\t<div class=\"elementor-widget-container\">\n\t\t\t\t\t\t\t<h1 style=\"line-height: normal; font-size: 25px;\"><span style=\"letter-spacing: normal;\">Unsere Umweltleistungen<br \/><\/span><\/h1><div><p>Zahlreiche nachhaltige Schritte f\u00fcr die Umwelt wurden bereits gesetzt. Es wurden L\u00e4rm- und CO\u00b2-Messungen durchgef\u00fchrt, Strom- und Energieverbrauch eruiert und\u00a0 Verbesserungspotentiale f\u00fcr die Mobilit\u00e4t erarbeitet. Das Thema Nachhaltigkeit wird auch in beinahe allen Unterrichtsgegenst\u00e4nden thematisiert.<\/p><p>Immer wieder werden Projekte und Initiativen zum Thema Umwelt sowie den SDGs durchgef\u00fchrt!<\/p><h5>Bild: HAK Bike &#8211; der schnelle Weg von der Schule in die Stadt. Designed by HAK 4CK DTPF<\/h5><\/div>\t\t\t\t\t\t<\/div>\n\t\t\t\t<\/div>\n\t\t\t\t\t<\/div>\n\t\t<\/div>\n\t\t\t\t<div class=\"elementor-column elementor-col-50 elementor-top-column elementor-element elementor-element-d170dc4\" data-id=\"d170dc4\" data-element_type=\"column\">\n\t\t\t<div class=\"elementor-widget-wrap elementor-element-populated\">\n\t\t\t\t\t\t\t\t<div class=\"elementor-element elementor-element-f91ece7 elementor-widget elementor-widget-image\" data-id=\"f91ece7\" data-element_type=\"widget\" data-widget_type=\"image.default\">\n\t\t\t\t<div class=\"elementor-widget-container\">\n\t\t\t\t\t\t\t\t\t\t\t\t\t\t\t<img loading=\"lazy\" decoding=\"async\" width=\"1024\" height=\"916\" src=\"https:\/\/www.hak-lienz.at\/web\/wp-content\/uploads\/2023\/08\/HAK_Bike-1024x916.jpg\" class=\"attachment-large size-large wp-image-6010\" alt=\"\" srcset=\"https:\/\/www.hak-lienz.at\/web\/wp-content\/uploads\/2023\/08\/HAK_Bike-1024x916.jpg 1024w, https:\/\/www.hak-lienz.at\/web\/wp-content\/uploads\/2023\/08\/HAK_Bike-300x268.jpg 300w, https:\/\/www.hak-lienz.at\/web\/wp-content\/uploads\/2023\/08\/HAK_Bike-768x687.jpg 768w, https:\/\/www.hak-lienz.at\/web\/wp-content\/uploads\/2023\/08\/HAK_Bike-50x45.jpg 50w, https:\/\/www.hak-lienz.at\/web\/wp-content\/uploads\/2023\/08\/HAK_Bike-100x89.jpg 100w, https:\/\/www.hak-lienz.at\/web\/wp-content\/uploads\/2023\/08\/HAK_Bike.jpg 1200w\" sizes=\"auto, (max-width: 1024px) 100vw, 1024px\" \/>\t\t\t\t\t\t\t\t\t\t\t\t\t\t\t<\/div>\n\t\t\t\t<\/div>\n\t\t\t\t\t<\/div>\n\t\t<\/div>\n\t\t\t\t\t\t\t<\/div>\n\t\t<\/section>\n\t\t\t\t<section class=\"elementor-section elementor-top-section elementor-element elementor-element-2ca0fb3 elementor-section-boxed elementor-section-height-default elementor-section-height-default wpr-particle-no wpr-jarallax-no wpr-parallax-no wpr-sticky-section-no\" data-id=\"2ca0fb3\" data-element_type=\"section\">\n\t\t\t\t\t\t<div class=\"elementor-container elementor-column-gap-default\">\n\t\t\t\t\t<div class=\"elementor-column elementor-col-100 elementor-top-column elementor-element elementor-element-cd5ab64\" data-id=\"cd5ab64\" data-element_type=\"column\">\n\t\t\t<div class=\"elementor-widget-wrap elementor-element-populated\">\n\t\t\t\t\t\t\t\t<div class=\"elementor-element elementor-element-08c3803 elementor-widget elementor-widget-image-gallery\" data-id=\"08c3803\" data-element_type=\"widget\" data-widget_type=\"image-gallery.default\">\n\t\t\t\t<div class=\"elementor-widget-container\">\n\t\t\t<style>.elementor-image-gallery .gallery-item{display:inline-block;text-align:center;vertical-align:top;width:100%;max-width:100%;margin:0 auto}.elementor-image-gallery .gallery-item img{margin:0 auto}.elementor-image-gallery .gallery-item .gallery-caption{margin:0}.elementor-image-gallery figure img{display:block}.elementor-image-gallery figure figcaption{width:100%}.gallery-spacing-custom .elementor-image-gallery .gallery-icon{padding:0}@media (min-width:768px){.elementor-image-gallery .gallery-columns-2 .gallery-item{max-width:50%}.elementor-image-gallery .gallery-columns-3 .gallery-item{max-width:33.33%}.elementor-image-gallery .gallery-columns-4 .gallery-item{max-width:25%}.elementor-image-gallery .gallery-columns-5 .gallery-item{max-width:20%}.elementor-image-gallery .gallery-columns-6 .gallery-item{max-width:16.666%}.elementor-image-gallery .gallery-columns-7 .gallery-item{max-width:14.28%}.elementor-image-gallery .gallery-columns-8 .gallery-item{max-width:12.5%}.elementor-image-gallery .gallery-columns-9 .gallery-item{max-width:11.11%}.elementor-image-gallery .gallery-columns-10 .gallery-item{max-width:10%}}@media (min-width:480px) and (max-width:767px){.elementor-image-gallery .gallery.gallery-columns-2 .gallery-item,.elementor-image-gallery .gallery.gallery-columns-3 .gallery-item,.elementor-image-gallery .gallery.gallery-columns-4 .gallery-item,.elementor-image-gallery .gallery.gallery-columns-5 .gallery-item,.elementor-image-gallery .gallery.gallery-columns-6 .gallery-item,.elementor-image-gallery .gallery.gallery-columns-7 .gallery-item,.elementor-image-gallery .gallery.gallery-columns-8 .gallery-item,.elementor-image-gallery .gallery.gallery-columns-9 .gallery-item,.elementor-image-gallery .gallery.gallery-columns-10 .gallery-item{max-width:50%}}@media (max-width:479px){.elementor-image-gallery .gallery.gallery-columns-2 .gallery-item,.elementor-image-gallery .gallery.gallery-columns-3 .gallery-item,.elementor-image-gallery .gallery.gallery-columns-4 .gallery-item,.elementor-image-gallery .gallery.gallery-columns-5 .gallery-item,.elementor-image-gallery .gallery.gallery-columns-6 .gallery-item,.elementor-image-gallery .gallery.gallery-columns-7 .gallery-item,.elementor-image-gallery .gallery.gallery-columns-8 .gallery-item,.elementor-image-gallery .gallery.gallery-columns-9 .gallery-item,.elementor-image-gallery .gallery.gallery-columns-10 .gallery-item{max-width:100%}}<\/style>\t\t<div class=\"elementor-image-gallery\">\n\t\t\t<div id='gallery-1' class='gallery galleryid-2590 gallery-columns-4 gallery-size-full'><figure class='gallery-item'>\n\t\t\t<div class='gallery-icon portrait'>\n\t\t\t\t<a data-elementor-open-lightbox=\"yes\" data-elementor-lightbox-slideshow=\"08c3803\" data-elementor-lightbox-title=\"Auszeichnung_BNE_3_edited\" data-e-action-hash=\"#elementor-action%3Aaction%3Dlightbox%26settings%3DeyJpZCI6MjYwMSwidXJsIjoiaHR0cHM6XC9cL3d3dy5oYWstbGllbnouYXRcL3dlYlwvd3AtY29udGVudFwvdXBsb2Fkc1wvMjAyM1wvMDhcL0F1c3plaWNobnVuZ19CTkVfM19lZGl0ZWQtc2NhbGVkLmpwZyIsInNsaWRlc2hvdyI6IjA4YzM4MDMifQ%3D%3D\" href='https:\/\/www.hak-lienz.at\/web\/wp-content\/uploads\/2023\/08\/Auszeichnung_BNE_3_edited-scaled.jpg'><img loading=\"lazy\" decoding=\"async\" width=\"1810\" height=\"2560\" src=\"https:\/\/www.hak-lienz.at\/web\/wp-content\/uploads\/2023\/08\/Auszeichnung_BNE_3_edited-scaled.jpg\" class=\"attachment-full size-full\" alt=\"\" srcset=\"https:\/\/www.hak-lienz.at\/web\/wp-content\/uploads\/2023\/08\/Auszeichnung_BNE_3_edited-scaled.jpg 1810w, https:\/\/www.hak-lienz.at\/web\/wp-content\/uploads\/2023\/08\/Auszeichnung_BNE_3_edited-212x300.jpg 212w, https:\/\/www.hak-lienz.at\/web\/wp-content\/uploads\/2023\/08\/Auszeichnung_BNE_3_edited-724x1024.jpg 724w, https:\/\/www.hak-lienz.at\/web\/wp-content\/uploads\/2023\/08\/Auszeichnung_BNE_3_edited-768x1086.jpg 768w, https:\/\/www.hak-lienz.at\/web\/wp-content\/uploads\/2023\/08\/Auszeichnung_BNE_3_edited-1086x1536.jpg 1086w, https:\/\/www.hak-lienz.at\/web\/wp-content\/uploads\/2023\/08\/Auszeichnung_BNE_3_edited-1448x2048.jpg 1448w, https:\/\/www.hak-lienz.at\/web\/wp-content\/uploads\/2023\/08\/Auszeichnung_BNE_3_edited-35x50.jpg 35w, https:\/\/www.hak-lienz.at\/web\/wp-content\/uploads\/2023\/08\/Auszeichnung_BNE_3_edited-71x100.jpg 71w\" sizes=\"auto, (max-width: 1810px) 100vw, 1810px\" \/><\/a>\n\t\t\t<\/div><\/figure><figure class='gallery-item'>\n\t\t\t<div class='gallery-icon portrait'>\n\t\t\t\t<a data-elementor-open-lightbox=\"yes\" data-elementor-lightbox-slideshow=\"08c3803\" data-elementor-lightbox-title=\"IMG_20220201_080652\" data-e-action-hash=\"#elementor-action%3Aaction%3Dlightbox%26settings%3DeyJpZCI6MjU5NywidXJsIjoiaHR0cHM6XC9cL3d3dy5oYWstbGllbnouYXRcL3dlYlwvd3AtY29udGVudFwvdXBsb2Fkc1wvMjAyM1wvMDhcL0lNR18yMDIyMDIwMV8wODA2NTIuanBnIiwic2xpZGVzaG93IjoiMDhjMzgwMyJ9\" href='https:\/\/www.hak-lienz.at\/web\/wp-content\/uploads\/2023\/08\/IMG_20220201_080652.jpg'><img loading=\"lazy\" decoding=\"async\" width=\"870\" height=\"1160\" src=\"https:\/\/www.hak-lienz.at\/web\/wp-content\/uploads\/2023\/08\/IMG_20220201_080652.jpg\" class=\"attachment-full size-full\" alt=\"\" srcset=\"https:\/\/www.hak-lienz.at\/web\/wp-content\/uploads\/2023\/08\/IMG_20220201_080652.jpg 870w, https:\/\/www.hak-lienz.at\/web\/wp-content\/uploads\/2023\/08\/IMG_20220201_080652-225x300.jpg 225w, https:\/\/www.hak-lienz.at\/web\/wp-content\/uploads\/2023\/08\/IMG_20220201_080652-768x1024.jpg 768w, https:\/\/www.hak-lienz.at\/web\/wp-content\/uploads\/2023\/08\/IMG_20220201_080652-38x50.jpg 38w, https:\/\/www.hak-lienz.at\/web\/wp-content\/uploads\/2023\/08\/IMG_20220201_080652-75x100.jpg 75w\" sizes=\"auto, (max-width: 870px) 100vw, 870px\" \/><\/a>\n\t\t\t<\/div><\/figure><figure class='gallery-item'>\n\t\t\t<div class='gallery-icon portrait'>\n\t\t\t\t<a data-elementor-open-lightbox=\"yes\" data-elementor-lightbox-slideshow=\"08c3803\" data-elementor-lightbox-title=\"stmk_1\" data-e-action-hash=\"#elementor-action%3Aaction%3Dlightbox%26settings%3DeyJpZCI6MjU5NiwidXJsIjoiaHR0cHM6XC9cL3d3dy5oYWstbGllbnouYXRcL3dlYlwvd3AtY29udGVudFwvdXBsb2Fkc1wvMjAyM1wvMDhcL3N0bWtfMS5qcGciLCJzbGlkZXNob3ciOiIwOGMzODAzIn0%3D\" href='https:\/\/www.hak-lienz.at\/web\/wp-content\/uploads\/2023\/08\/stmk_1.jpg'><img loading=\"lazy\" decoding=\"async\" width=\"1512\" height=\"1752\" src=\"https:\/\/www.hak-lienz.at\/web\/wp-content\/uploads\/2023\/08\/stmk_1.jpg\" class=\"attachment-full size-full\" alt=\"\" srcset=\"https:\/\/www.hak-lienz.at\/web\/wp-content\/uploads\/2023\/08\/stmk_1.jpg 1512w, https:\/\/www.hak-lienz.at\/web\/wp-content\/uploads\/2023\/08\/stmk_1-259x300.jpg 259w, https:\/\/www.hak-lienz.at\/web\/wp-content\/uploads\/2023\/08\/stmk_1-884x1024.jpg 884w, https:\/\/www.hak-lienz.at\/web\/wp-content\/uploads\/2023\/08\/stmk_1-768x890.jpg 768w, https:\/\/www.hak-lienz.at\/web\/wp-content\/uploads\/2023\/08\/stmk_1-1326x1536.jpg 1326w, https:\/\/www.hak-lienz.at\/web\/wp-content\/uploads\/2023\/08\/stmk_1-43x50.jpg 43w, https:\/\/www.hak-lienz.at\/web\/wp-content\/uploads\/2023\/08\/stmk_1-86x100.jpg 86w\" sizes=\"auto, (max-width: 1512px) 100vw, 1512px\" \/><\/a>\n\t\t\t<\/div><\/figure><figure class='gallery-item'>\n\t\t\t<div class='gallery-icon landscape'>\n\t\t\t\t<a data-elementor-open-lightbox=\"yes\" data-elementor-lightbox-slideshow=\"08c3803\" data-elementor-lightbox-title=\"Applaus_HAKLienz\" data-e-action-hash=\"#elementor-action%3Aaction%3Dlightbox%26settings%3DeyJpZCI6MjYwMCwidXJsIjoiaHR0cHM6XC9cL3d3dy5oYWstbGllbnouYXRcL3dlYlwvd3AtY29udGVudFwvdXBsb2Fkc1wvMjAyM1wvMDhcL0FwcGxhdXNfSEFLTGllbnotc2NhbGVkLmpwZyIsInNsaWRlc2hvdyI6IjA4YzM4MDMifQ%3D%3D\" href='https:\/\/www.hak-lienz.at\/web\/wp-content\/uploads\/2023\/08\/Applaus_HAKLienz-scaled.jpg'><img loading=\"lazy\" decoding=\"async\" width=\"2560\" height=\"1920\" src=\"https:\/\/www.hak-lienz.at\/web\/wp-content\/uploads\/2023\/08\/Applaus_HAKLienz-scaled.jpg\" class=\"attachment-full size-full\" alt=\"\" srcset=\"https:\/\/www.hak-lienz.at\/web\/wp-content\/uploads\/2023\/08\/Applaus_HAKLienz-scaled.jpg 2560w, https:\/\/www.hak-lienz.at\/web\/wp-content\/uploads\/2023\/08\/Applaus_HAKLienz-300x225.jpg 300w, https:\/\/www.hak-lienz.at\/web\/wp-content\/uploads\/2023\/08\/Applaus_HAKLienz-1024x768.jpg 1024w, https:\/\/www.hak-lienz.at\/web\/wp-content\/uploads\/2023\/08\/Applaus_HAKLienz-768x576.jpg 768w, https:\/\/www.hak-lienz.at\/web\/wp-content\/uploads\/2023\/08\/Applaus_HAKLienz-1536x1152.jpg 1536w\" sizes=\"auto, (max-width: 2560px) 100vw, 2560px\" \/><\/a>\n\t\t\t<\/div><\/figure>\n\t\t<\/div>\n\t\t<\/div>\n\t\t\t\t<\/div>\n\t\t\t\t<\/div>\n\t\t\t\t\t<\/div>\n\t\t<\/div>\n\t\t\t\t\t\t\t<\/div>\n\t\t<\/section>\n\t\t\t\t\t\t\t<\/div>\n\t\t","protected":false},"excerpt":{"rendered":"<p>Umweltzeichen \u2013 wir sind zertifiziert! \u00d6kologie und \u00d6konomie sollen kein Widerspruch sein. Deshalb erarbeiteten wir gemeinsam \u2013 Sch\u00fcler und Sch\u00fclerinnen sowie Lehrer und Lehrerinnen \u2013 das Umweltzeichen f\u00fcr unsere Schule. Jeder und jede tr\u00e4gt Verantwortung f\u00fcr ein positives, gesundheitsf\u00f6rderndes Klassen- und Schulklima, f\u00fcr die nachhaltige Weiterentwicklung der Schule und f\u00fcr unsere Zukunft. Unser Umweltteam hinten&#8230;<\/p>\n","protected":false},"author":1,"featured_media":0,"parent":0,"menu_order":0,"comment_status":"closed","ping_status":"closed","template":"","meta":{"_kad_post_transparent":"default","_kad_post_title":"hide","_kad_post_layout":"default","_kad_post_sidebar_id":"","_kad_post_content_style":"unboxed","_kad_post_vertical_padding":"hide","_kad_post_feature":"hide","_kad_post_feature_position":"","_kad_post_header":false,"_kad_post_footer":false,"footnotes":""},"class_list":["post-2590","page","type-page","status-publish","hentry"],"aioseo_notices":[],"_links":{"self":[{"href":"https:\/\/www.hak-lienz.at\/web\/wp-json\/wp\/v2\/pages\/2590","targetHints":{"allow":["GET"]}}],"collection":[{"href":"https:\/\/www.hak-lienz.at\/web\/wp-json\/wp\/v2\/pages"}],"about":[{"href":"https:\/\/www.hak-lienz.at\/web\/wp-json\/wp\/v2\/types\/page"}],"author":[{"embeddable":true,"href":"https:\/\/www.hak-lienz.at\/web\/wp-json\/wp\/v2\/users\/1"}],"replies":[{"embeddable":true,"href":"https:\/\/www.hak-lienz.at\/web\/wp-json\/wp\/v2\/comments?post=2590"}],"version-history":[{"count":12,"href":"https:\/\/www.hak-lienz.at\/web\/wp-json\/wp\/v2\/pages\/2590\/revisions"}],"predecessor-version":[{"id":13569,"href":"https:\/\/www.hak-lienz.at\/web\/wp-json\/wp\/v2\/pages\/2590\/revisions\/13569"}],"wp:attachment":[{"href":"https:\/\/www.hak-lienz.at\/web\/wp-json\/wp\/v2\/media?parent=2590"}],"curies":[{"name":"wp","href":"https:\/\/api.w.org\/{rel}","templated":true}]}}