{"id":164,"date":"2023-07-22T06:31:40","date_gmt":"2023-07-22T04:31:40","guid":{"rendered":"https:\/\/www.hak-lienz.at\/web\/?page_id=164"},"modified":"2025-10-25T10:40:38","modified_gmt":"2025-10-25T08:40:38","slug":"elternverein","status":"publish","type":"page","link":"https:\/\/www.hak-lienz.at\/web\/elternverein\/","title":{"rendered":"Elternverein"},"content":{"rendered":"\t\t<div data-elementor-type=\"wp-page\" data-elementor-id=\"164\" class=\"elementor elementor-164\" data-elementor-post-type=\"page\">\n\t\t\t\t\t\t\t\t\t<section class=\"elementor-section elementor-top-section elementor-element elementor-element-a71ec5e elementor-section-height-min-height elementor-section-boxed elementor-section-height-default elementor-section-items-middle wpr-particle-no wpr-jarallax-no wpr-parallax-no wpr-sticky-section-no\" data-id=\"a71ec5e\" data-element_type=\"section\">\n\t\t\t\t\t\t\t<div class=\"elementor-background-overlay\"><\/div>\n\t\t\t\t\t\t\t<div class=\"elementor-container elementor-column-gap-default\">\n\t\t\t\t\t<div class=\"elementor-column elementor-col-100 elementor-top-column elementor-element elementor-element-eb5c0ea\" data-id=\"eb5c0ea\" data-element_type=\"column\">\n\t\t\t<div class=\"elementor-widget-wrap elementor-element-populated\">\n\t\t\t\t\t\t\t\t<div class=\"elementor-element elementor-element-39a580d elementor-widget elementor-widget-menu-anchor\" data-id=\"39a580d\" data-element_type=\"widget\" data-widget_type=\"menu-anchor.default\">\n\t\t\t\t<div class=\"elementor-widget-container\">\n\t\t\t<style>\/*! elementor - v3.17.0 - 08-11-2023 *\/\nbody.elementor-page .elementor-widget-menu-anchor{margin-bottom:0}<\/style>\t\t<div id=\"top\" class=\"elementor-menu-anchor\"><\/div>\n\t\t\t\t<\/div>\n\t\t\t\t<\/div>\n\t\t\t\t\t<\/div>\n\t\t<\/div>\n\t\t\t\t\t\t\t<\/div>\n\t\t<\/section>\n\t\t\t\t<section class=\"elementor-section elementor-top-section elementor-element elementor-element-50c5da8 elementor-section-height-min-height elementor-section-content-middle elementor-section-boxed elementor-section-height-default elementor-section-items-middle wpr-particle-no wpr-jarallax-no wpr-parallax-no wpr-sticky-section-no\" data-id=\"50c5da8\" data-element_type=\"section\">\n\t\t\t\t\t\t\t<div class=\"elementor-background-overlay\"><\/div>\n\t\t\t\t\t\t\t<div class=\"elementor-container elementor-column-gap-default\">\n\t\t\t\t\t<div class=\"elementor-column elementor-col-100 elementor-top-column elementor-element elementor-element-de3b76a\" data-id=\"de3b76a\" data-element_type=\"column\" data-settings=\"{&quot;background_background&quot;:&quot;classic&quot;}\">\n\t\t\t<div class=\"elementor-widget-wrap elementor-element-populated\">\n\t\t\t\t\t<div class=\"elementor-background-overlay\"><\/div>\n\t\t\t\t\t\t\t\t<div class=\"elementor-element elementor-element-d554777 elementor-widget elementor-widget-heading\" data-id=\"d554777\" data-element_type=\"widget\" data-settings=\"{&quot;motion_fx_motion_fx_scrolling&quot;:&quot;yes&quot;,&quot;motion_fx_motion_fx_mouse&quot;:&quot;yes&quot;,&quot;motion_fx_devices&quot;:[&quot;desktop&quot;,&quot;tablet_extra&quot;,&quot;tablet&quot;,&quot;mobile_extra&quot;,&quot;mobile&quot;]}\" data-widget_type=\"heading.default\">\n\t\t\t\t<div class=\"elementor-widget-container\">\n\t\t\t<style>\/*! elementor - v3.17.0 - 08-11-2023 *\/\n.elementor-heading-title{padding:0;margin:0;line-height:1}.elementor-widget-heading .elementor-heading-title[class*=elementor-size-]>a{color:inherit;font-size:inherit;line-height:inherit}.elementor-widget-heading .elementor-heading-title.elementor-size-small{font-size:15px}.elementor-widget-heading .elementor-heading-title.elementor-size-medium{font-size:19px}.elementor-widget-heading .elementor-heading-title.elementor-size-large{font-size:29px}.elementor-widget-heading .elementor-heading-title.elementor-size-xl{font-size:39px}.elementor-widget-heading .elementor-heading-title.elementor-size-xxl{font-size:59px}<\/style><span class=\"elementor-heading-title elementor-size-default\">Elternverein der HAK<\/span>\t\t<\/div>\n\t\t\t\t<\/div>\n\t\t\t\t\t<\/div>\n\t\t<\/div>\n\t\t\t\t\t\t\t<\/div>\n\t\t<\/section>\n\t\t\t\t<section class=\"elementor-section elementor-top-section elementor-element elementor-element-deca9c7 elementor-section-boxed elementor-section-height-default elementor-section-height-default wpr-particle-no wpr-jarallax-no wpr-parallax-no wpr-sticky-section-no\" data-id=\"deca9c7\" data-element_type=\"section\">\n\t\t\t\t\t\t<div class=\"elementor-container elementor-column-gap-default\">\n\t\t\t\t\t<div class=\"elementor-column elementor-col-50 elementor-top-column elementor-element elementor-element-bc0593d\" data-id=\"bc0593d\" data-element_type=\"column\">\n\t\t\t<div class=\"elementor-widget-wrap elementor-element-populated\">\n\t\t\t\t\t\t\t\t<div class=\"elementor-element elementor-element-a40d22b elementor-widget elementor-widget-image\" data-id=\"a40d22b\" data-element_type=\"widget\" data-widget_type=\"image.default\">\n\t\t\t\t<div class=\"elementor-widget-container\">\n\t\t\t<style>\/*! elementor - v3.17.0 - 08-11-2023 *\/\n.elementor-widget-image{text-align:center}.elementor-widget-image a{display:inline-block}.elementor-widget-image a img[src$=\".svg\"]{width:48px}.elementor-widget-image img{vertical-align:middle;display:inline-block}<\/style>\t\t\t\t\t\t\t\t\t\t\t\t<img decoding=\"async\" src=\"https:\/\/www.hak-lienz.at\/web\/wp-content\/uploads\/elementor\/thumbs\/Obmann_2023-qdp08yzf5bk1iar4xy824853oj68qz4utl71b5kxrk.jpg\" title=\"Obmann_2023\" alt=\"Obmann_2023\" loading=\"lazy\" \/>\t\t\t\t\t\t\t\t\t\t\t\t\t\t\t<\/div>\n\t\t\t\t<\/div>\n\t\t\t\t<div class=\"elementor-element elementor-element-ef247ca elementor-widget elementor-widget-text-editor\" data-id=\"ef247ca\" data-element_type=\"widget\" data-widget_type=\"text-editor.default\">\n\t\t\t\t<div class=\"elementor-widget-container\">\n\t\t\t<style>\/*! elementor - v3.17.0 - 08-11-2023 *\/\n.elementor-widget-text-editor.elementor-drop-cap-view-stacked .elementor-drop-cap{background-color:#69727d;color:#fff}.elementor-widget-text-editor.elementor-drop-cap-view-framed .elementor-drop-cap{color:#69727d;border:3px solid;background-color:transparent}.elementor-widget-text-editor:not(.elementor-drop-cap-view-default) .elementor-drop-cap{margin-top:8px}.elementor-widget-text-editor:not(.elementor-drop-cap-view-default) .elementor-drop-cap-letter{width:1em;height:1em}.elementor-widget-text-editor .elementor-drop-cap{float:left;text-align:center;line-height:1;font-size:50px}.elementor-widget-text-editor .elementor-drop-cap-letter{display:inline-block}<\/style>\t\t\t\t<p>OBMANN: Wolfgang LADST\u00c4TTER<\/p>\t\t\t\t\t\t<\/div>\n\t\t\t\t<\/div>\n\t\t\t\t\t<\/div>\n\t\t<\/div>\n\t\t\t\t<div class=\"elementor-column elementor-col-50 elementor-top-column elementor-element elementor-element-435c9e6\" data-id=\"435c9e6\" data-element_type=\"column\">\n\t\t\t<div class=\"elementor-widget-wrap elementor-element-populated\">\n\t\t\t\t\t\t\t\t<div class=\"elementor-element elementor-element-43100c3 elementor-widget elementor-widget-image\" data-id=\"43100c3\" data-element_type=\"widget\" data-widget_type=\"image.default\">\n\t\t\t\t<div class=\"elementor-widget-container\">\n\t\t\t\t\t\t\t\t\t\t\t\t\t\t\t<img loading=\"lazy\" decoding=\"async\" width=\"800\" height=\"450\" src=\"https:\/\/www.hak-lienz.at\/web\/wp-content\/uploads\/2023\/10\/Elternverein_2023.jpg\" class=\"attachment-large size-large wp-image-10279\" alt=\"\" srcset=\"https:\/\/www.hak-lienz.at\/web\/wp-content\/uploads\/2023\/10\/Elternverein_2023.jpg 800w, https:\/\/www.hak-lienz.at\/web\/wp-content\/uploads\/2023\/10\/Elternverein_2023-300x169.jpg 300w, https:\/\/www.hak-lienz.at\/web\/wp-content\/uploads\/2023\/10\/Elternverein_2023-768x432.jpg 768w, https:\/\/www.hak-lienz.at\/web\/wp-content\/uploads\/2023\/10\/Elternverein_2023-50x28.jpg 50w, https:\/\/www.hak-lienz.at\/web\/wp-content\/uploads\/2023\/10\/Elternverein_2023-100x56.jpg 100w\" sizes=\"auto, (max-width: 800px) 100vw, 800px\" \/>\t\t\t\t\t\t\t\t\t\t\t\t\t\t\t<\/div>\n\t\t\t\t<\/div>\n\t\t\t\t<div class=\"elementor-element elementor-element-2883d60 elementor-widget elementor-widget-text-editor\" data-id=\"2883d60\" data-element_type=\"widget\" data-widget_type=\"text-editor.default\">\n\t\t\t\t<div class=\"elementor-widget-container\">\n\t\t\t\t\t\t\t<p>v. l.: Sonja PREYER, Katja PEINTNER, Wolfgang LADST\u00c4TTER, Barbara M\u00dcHLMANN, <br>Doris NIEDERWIESER, Ursula MATTERSBERGER, Ursula HOFMANN<\/p>\t\t\t\t\t\t<\/div>\n\t\t\t\t<\/div>\n\t\t\t\t\t<\/div>\n\t\t<\/div>\n\t\t\t\t\t\t\t<\/div>\n\t\t<\/section>\n\t\t\t\t<section class=\"elementor-section elementor-top-section elementor-element elementor-element-96ed3c3 elementor-section-boxed elementor-section-height-default elementor-section-height-default wpr-particle-no wpr-jarallax-no wpr-parallax-no wpr-sticky-section-no\" data-id=\"96ed3c3\" data-element_type=\"section\" data-settings=\"{&quot;background_background&quot;:&quot;classic&quot;}\">\n\t\t\t\t\t\t<div class=\"elementor-container elementor-column-gap-default\">\n\t\t\t\t\t<div class=\"elementor-column elementor-col-50 elementor-top-column elementor-element elementor-element-2db524c\" data-id=\"2db524c\" data-element_type=\"column\" data-settings=\"{&quot;background_background&quot;:&quot;classic&quot;}\">\n\t\t\t<div class=\"elementor-widget-wrap elementor-element-populated\">\n\t\t\t\t\t\t\t\t<div class=\"elementor-element elementor-element-392cd78 elementor-widget elementor-widget-text-editor\" data-id=\"392cd78\" data-element_type=\"widget\" data-widget_type=\"text-editor.default\">\n\t\t\t\t<div class=\"elementor-widget-container\">\n\t\t\t\t\t\t\t<h1>Wer sind wir!<\/h1><h3>Wolfgang Ladst\u00e4tter<\/h3><p>Obmann<\/p><h3>Ursula Mattersberger<\/h3><p>Obmann-Stellvertreterin<\/p><h3>Doris Niederwieser<\/h3><p>Schriftf\u00fchrerin<\/p><h3>Ursula Hofmann<\/h3><p>Schriftf\u00fchrerin-Stellvertreterin<\/p>\t\t\t\t\t\t<\/div>\n\t\t\t\t<\/div>\n\t\t\t\t\t<\/div>\n\t\t<\/div>\n\t\t\t\t<div class=\"elementor-column elementor-col-50 elementor-top-column elementor-element elementor-element-b097b0f\" data-id=\"b097b0f\" data-element_type=\"column\" data-settings=\"{&quot;background_background&quot;:&quot;classic&quot;}\">\n\t\t\t<div class=\"elementor-widget-wrap elementor-element-populated\">\n\t\t\t\t\t\t\t\t<div class=\"elementor-element elementor-element-2f627cf elementor-widget elementor-widget-text-editor\" data-id=\"2f627cf\" data-element_type=\"widget\" data-widget_type=\"text-editor.default\">\n\t\t\t\t<div class=\"elementor-widget-container\">\n\t\t\t\t\t\t\t<h3>Annemarie Lottersberger<\/h3><p>Kassierin<\/p><h3>Barbara M\u00fchlmann<\/h3><p>Kassierin-Stellvertreterin<\/p><h1>Mitglieder<\/h1><p>Mitglieder sind alle Eltern bzw. Erziehungsberechtigten der Sch\u00fclerinnen und Sch\u00fcler. Der Mitgliedsbeitrag ist einmal pro Schuljahr zu bezahlen. Mit Hilfe des Mitgliedsbeitrags kann der Elternverein die Schulgemeinschaft unterst\u00fctzen. Wenn mehrere Kinder die Schule besuchen, ist der Beitrag nur einmal zu bezahlen.<\/p>\t\t\t\t\t\t<\/div>\n\t\t\t\t<\/div>\n\t\t\t\t\t<\/div>\n\t\t<\/div>\n\t\t\t\t\t\t\t<\/div>\n\t\t<\/section>\n\t\t\t\t<section class=\"elementor-section elementor-top-section elementor-element elementor-element-dff9d4c elementor-section-boxed elementor-section-height-default elementor-section-height-default wpr-particle-no wpr-jarallax-no wpr-parallax-no wpr-sticky-section-no\" data-id=\"dff9d4c\" data-element_type=\"section\" data-settings=\"{&quot;background_background&quot;:&quot;classic&quot;}\">\n\t\t\t\t\t\t<div class=\"elementor-container elementor-column-gap-default\">\n\t\t\t\t\t<div class=\"elementor-column elementor-col-100 elementor-top-column elementor-element elementor-element-8a1afe5\" data-id=\"8a1afe5\" data-element_type=\"column\" data-settings=\"{&quot;background_background&quot;:&quot;classic&quot;}\">\n\t\t\t<div class=\"elementor-widget-wrap elementor-element-populated\">\n\t\t\t\t\t\t\t\t<div class=\"elementor-element elementor-element-2a82d8f elementor-widget elementor-widget-text-editor\" data-id=\"2a82d8f\" data-element_type=\"widget\" data-widget_type=\"text-editor.default\">\n\t\t\t\t<div class=\"elementor-widget-container\">\n\t\t\t\t\t\t\t<h1><span style=\"background-color: var( --e-global-color-kadence9 );\">Welche Aufgaben haben wir?<\/span><\/h1><div><div data-testid=\"richTextElement\"><ul><li><p>Mitwirkung an der Schulentwicklung<\/p><\/li><li><p>Zusammenarbeit mit den Jugendlichen, Lehrpersonen und der Direktion<\/p><\/li><li><p>Vertretung im SGA und Mitgestaltung des Schullebens<\/p><\/li><li><p>Unterst\u00fctzung der Sch\u00fclerinnen und Sch\u00fcler (z. B. bei Schulveranstaltungen, Exkursionen und Projekten)<\/p><\/li><li><p>u. v. m.<\/p><\/li><\/ul><\/div><\/div>\t\t\t\t\t\t<\/div>\n\t\t\t\t<\/div>\n\t\t\t\t<div class=\"elementor-element elementor-element-7769116 elementor-align-left elementor-widget elementor-widget-button\" data-id=\"7769116\" data-element_type=\"widget\" data-widget_type=\"button.default\">\n\t\t\t\t<div class=\"elementor-widget-container\">\n\t\t\t\t\t<div class=\"elementor-button-wrapper\">\n\t\t\t<a class=\"elementor-button elementor-button-link elementor-size-sm\" href=\"https:\/\/www.hak-lienz.at\/web\/Antrag_Unterstuetzung_Elternverein.pdf\" target=\"_blank\">\n\t\t\t\t\t\t<span class=\"elementor-button-content-wrapper\">\n\t\t\t\t\t\t<span class=\"elementor-button-text\">>>> Antrag finanzielle Unterst\u00fctzung<\/span>\n\t\t<\/span>\n\t\t\t\t\t<\/a>\n\t\t<\/div>\n\t\t\t\t<\/div>\n\t\t\t\t<\/div>\n\t\t\t\t\t<\/div>\n\t\t<\/div>\n\t\t\t\t\t\t\t<\/div>\n\t\t<\/section>\n\t\t\t\t\t\t\t<\/div>\n\t\t","protected":false},"excerpt":{"rendered":"<p>Elternverein der HAK OBMANN: Wolfgang LADST\u00c4TTER v. l.: Sonja PREYER, Katja PEINTNER, Wolfgang LADST\u00c4TTER, Barbara M\u00dcHLMANN, Doris NIEDERWIESER, Ursula MATTERSBERGER, Ursula HOFMANN Wer sind wir! Wolfgang Ladst\u00e4tter Obmann Ursula Mattersberger Obmann-Stellvertreterin Doris Niederwieser Schriftf\u00fchrerin Ursula Hofmann Schriftf\u00fchrerin-Stellvertreterin Annemarie Lottersberger Kassierin Barbara M\u00fchlmann Kassierin-Stellvertreterin Mitglieder Mitglieder sind alle Eltern bzw. Erziehungsberechtigten der Sch\u00fclerinnen und Sch\u00fcler. Der&#8230;<\/p>\n","protected":false},"author":1,"featured_media":0,"parent":0,"menu_order":0,"comment_status":"closed","ping_status":"closed","template":"","meta":{"_kad_post_transparent":"default","_kad_post_title":"hide","_kad_post_layout":"default","_kad_post_sidebar_id":"","_kad_post_content_style":"unboxed","_kad_post_vertical_padding":"hide","_kad_post_feature":"hide","_kad_post_feature_position":"","_kad_post_header":false,"_kad_post_footer":false,"footnotes":""},"class_list":["post-164","page","type-page","status-publish","hentry"],"aioseo_notices":[],"_links":{"self":[{"href":"https:\/\/www.hak-lienz.at\/web\/wp-json\/wp\/v2\/pages\/164","targetHints":{"allow":["GET"]}}],"collection":[{"href":"https:\/\/www.hak-lienz.at\/web\/wp-json\/wp\/v2\/pages"}],"about":[{"href":"https:\/\/www.hak-lienz.at\/web\/wp-json\/wp\/v2\/types\/page"}],"author":[{"embeddable":true,"href":"https:\/\/www.hak-lienz.at\/web\/wp-json\/wp\/v2\/users\/1"}],"replies":[{"embeddable":true,"href":"https:\/\/www.hak-lienz.at\/web\/wp-json\/wp\/v2\/comments?post=164"}],"version-history":[{"count":108,"href":"https:\/\/www.hak-lienz.at\/web\/wp-json\/wp\/v2\/pages\/164\/revisions"}],"predecessor-version":[{"id":13532,"href":"https:\/\/www.hak-lienz.at\/web\/wp-json\/wp\/v2\/pages\/164\/revisions\/13532"}],"wp:attachment":[{"href":"https:\/\/www.hak-lienz.at\/web\/wp-json\/wp\/v2\/media?parent=164"}],"curies":[{"name":"wp","href":"https:\/\/api.w.org\/{rel}","templated":true}]}}