{"id":155,"date":"2023-07-22T06:29:44","date_gmt":"2023-07-22T04:29:44","guid":{"rendered":"https:\/\/www.hak-lienz.at\/web\/?page_id=155"},"modified":"2026-01-30T21:01:13","modified_gmt":"2026-01-30T20:01:13","slug":"anmeldung","status":"publish","type":"page","link":"https:\/\/www.hak-lienz.at\/web\/anmeldung\/","title":{"rendered":"Anmeldung"},"content":{"rendered":"\t\t<div data-elementor-type=\"wp-page\" data-elementor-id=\"155\" class=\"elementor elementor-155\" data-elementor-post-type=\"page\">\n\t\t\t\t\t\t\t\t\t<section class=\"elementor-section elementor-top-section elementor-element elementor-element-a5ce669 elementor-section-height-min-height elementor-section-boxed elementor-section-height-default elementor-section-items-middle wpr-particle-no wpr-jarallax-no wpr-parallax-no wpr-sticky-section-no\" data-id=\"a5ce669\" data-element_type=\"section\">\n\t\t\t\t\t\t\t<div class=\"elementor-background-overlay\"><\/div>\n\t\t\t\t\t\t\t<div class=\"elementor-container elementor-column-gap-default\">\n\t\t\t\t\t<div class=\"elementor-column elementor-col-100 elementor-top-column elementor-element elementor-element-5c43097\" data-id=\"5c43097\" data-element_type=\"column\">\n\t\t\t<div class=\"elementor-widget-wrap elementor-element-populated\">\n\t\t\t\t\t\t\t\t<div class=\"elementor-element elementor-element-2406d35 elementor-widget elementor-widget-menu-anchor\" data-id=\"2406d35\" data-element_type=\"widget\" data-widget_type=\"menu-anchor.default\">\n\t\t\t\t<div class=\"elementor-widget-container\">\n\t\t\t<style>\/*! elementor - v3.17.0 - 08-11-2023 *\/\nbody.elementor-page .elementor-widget-menu-anchor{margin-bottom:0}<\/style>\t\t<div id=\"top\" class=\"elementor-menu-anchor\"><\/div>\n\t\t\t\t<\/div>\n\t\t\t\t<\/div>\n\t\t\t\t\t<\/div>\n\t\t<\/div>\n\t\t\t\t\t\t\t<\/div>\n\t\t<\/section>\n\t\t\t\t<section class=\"elementor-section elementor-top-section elementor-element elementor-element-365e0d6 elementor-section-height-min-height elementor-section-content-middle elementor-section-boxed elementor-section-height-default elementor-section-items-middle wpr-particle-no wpr-jarallax-no wpr-parallax-no wpr-sticky-section-no\" data-id=\"365e0d6\" data-element_type=\"section\">\n\t\t\t\t\t\t\t<div class=\"elementor-background-overlay\"><\/div>\n\t\t\t\t\t\t\t<div class=\"elementor-container elementor-column-gap-default\">\n\t\t\t\t\t<div class=\"elementor-column elementor-col-100 elementor-top-column elementor-element elementor-element-5e0b1e5\" data-id=\"5e0b1e5\" data-element_type=\"column\" data-settings=\"{&quot;background_background&quot;:&quot;classic&quot;}\">\n\t\t\t<div class=\"elementor-widget-wrap elementor-element-populated\">\n\t\t\t\t\t<div class=\"elementor-background-overlay\"><\/div>\n\t\t\t\t\t\t\t\t<div class=\"elementor-element elementor-element-f27d22b elementor-widget elementor-widget-heading\" data-id=\"f27d22b\" data-element_type=\"widget\" data-settings=\"{&quot;motion_fx_motion_fx_scrolling&quot;:&quot;yes&quot;,&quot;motion_fx_motion_fx_mouse&quot;:&quot;yes&quot;,&quot;motion_fx_devices&quot;:[&quot;desktop&quot;,&quot;tablet_extra&quot;,&quot;tablet&quot;,&quot;mobile_extra&quot;,&quot;mobile&quot;]}\" data-widget_type=\"heading.default\">\n\t\t\t\t<div class=\"elementor-widget-container\">\n\t\t\t<style>\/*! elementor - v3.17.0 - 08-11-2023 *\/\n.elementor-heading-title{padding:0;margin:0;line-height:1}.elementor-widget-heading .elementor-heading-title[class*=elementor-size-]>a{color:inherit;font-size:inherit;line-height:inherit}.elementor-widget-heading .elementor-heading-title.elementor-size-small{font-size:15px}.elementor-widget-heading .elementor-heading-title.elementor-size-medium{font-size:19px}.elementor-widget-heading .elementor-heading-title.elementor-size-large{font-size:29px}.elementor-widget-heading .elementor-heading-title.elementor-size-xl{font-size:39px}.elementor-widget-heading .elementor-heading-title.elementor-size-xxl{font-size:59px}<\/style><span class=\"elementor-heading-title elementor-size-default\">Anmeldung f\u00fcr das Schuljahr 2026\/27<\/span>\t\t<\/div>\n\t\t\t\t<\/div>\n\t\t\t\t\t<\/div>\n\t\t<\/div>\n\t\t\t\t\t\t\t<\/div>\n\t\t<\/section>\n\t\t\t\t<section class=\"elementor-section elementor-top-section elementor-element elementor-element-98b31f5 elementor-section-boxed elementor-section-height-default elementor-section-height-default wpr-particle-no wpr-jarallax-no wpr-parallax-no wpr-sticky-section-no\" data-id=\"98b31f5\" data-element_type=\"section\">\n\t\t\t\t\t\t<div class=\"elementor-container elementor-column-gap-default\">\n\t\t\t\t\t<div class=\"elementor-column elementor-col-100 elementor-top-column elementor-element elementor-element-3daed5d\" data-id=\"3daed5d\" data-element_type=\"column\">\n\t\t\t<div class=\"elementor-widget-wrap elementor-element-populated\">\n\t\t\t\t\t\t\t\t<div class=\"elementor-element elementor-element-30e0f01 elementor-widget elementor-widget-image\" data-id=\"30e0f01\" data-element_type=\"widget\" data-widget_type=\"image.default\">\n\t\t\t\t<div class=\"elementor-widget-container\">\n\t\t\t<style>\/*! elementor - v3.17.0 - 08-11-2023 *\/\n.elementor-widget-image{text-align:center}.elementor-widget-image a{display:inline-block}.elementor-widget-image a img[src$=\".svg\"]{width:48px}.elementor-widget-image img{vertical-align:middle;display:inline-block}<\/style>\t\t\t\t\t\t\t\t\t\t\t\t<img loading=\"lazy\" decoding=\"async\" width=\"1024\" height=\"117\" src=\"https:\/\/www.hak-lienz.at\/web\/wp-content\/uploads\/2023\/07\/Anmeldung_wann-1024x117.jpg\" class=\"attachment-large size-large wp-image-1544\" alt=\"\" srcset=\"https:\/\/www.hak-lienz.at\/web\/wp-content\/uploads\/2023\/07\/Anmeldung_wann-1024x117.jpg 1024w, https:\/\/www.hak-lienz.at\/web\/wp-content\/uploads\/2023\/07\/Anmeldung_wann-300x34.jpg 300w, https:\/\/www.hak-lienz.at\/web\/wp-content\/uploads\/2023\/07\/Anmeldung_wann-768x87.jpg 768w, https:\/\/www.hak-lienz.at\/web\/wp-content\/uploads\/2023\/07\/Anmeldung_wann.jpg 1450w\" sizes=\"auto, (max-width: 1024px) 100vw, 1024px\" \/>\t\t\t\t\t\t\t\t\t\t\t\t\t\t\t<\/div>\n\t\t\t\t<\/div>\n\t\t\t\t\t<\/div>\n\t\t<\/div>\n\t\t\t\t\t\t\t<\/div>\n\t\t<\/section>\n\t\t\t\t<section class=\"elementor-section elementor-top-section elementor-element elementor-element-92dcf7c elementor-section-boxed elementor-section-height-default elementor-section-height-default wpr-particle-no wpr-jarallax-no wpr-parallax-no wpr-sticky-section-no\" data-id=\"92dcf7c\" data-element_type=\"section\" data-settings=\"{&quot;background_background&quot;:&quot;classic&quot;}\">\n\t\t\t\t\t\t<div class=\"elementor-container elementor-column-gap-default\">\n\t\t\t\t\t<div class=\"elementor-column elementor-col-100 elementor-top-column elementor-element elementor-element-9edc5ed\" data-id=\"9edc5ed\" data-element_type=\"column\" data-settings=\"{&quot;background_background&quot;:&quot;classic&quot;}\">\n\t\t\t<div class=\"elementor-widget-wrap elementor-element-populated\">\n\t\t\t\t\t\t\t\t<div class=\"elementor-element elementor-element-89382b0 elementor-widget elementor-widget-text-editor\" data-id=\"89382b0\" data-element_type=\"widget\" data-widget_type=\"text-editor.default\">\n\t\t\t\t<div class=\"elementor-widget-container\">\n\t\t\t<style>\/*! elementor - v3.17.0 - 08-11-2023 *\/\n.elementor-widget-text-editor.elementor-drop-cap-view-stacked .elementor-drop-cap{background-color:#69727d;color:#fff}.elementor-widget-text-editor.elementor-drop-cap-view-framed .elementor-drop-cap{color:#69727d;border:3px solid;background-color:transparent}.elementor-widget-text-editor:not(.elementor-drop-cap-view-default) .elementor-drop-cap{margin-top:8px}.elementor-widget-text-editor:not(.elementor-drop-cap-view-default) .elementor-drop-cap-letter{width:1em;height:1em}.elementor-widget-text-editor .elementor-drop-cap{float:left;text-align:center;line-height:1;font-size:50px}.elementor-widget-text-editor .elementor-drop-cap-letter{display:inline-block}<\/style>\t\t\t\t<div data-testid=\"richTextElement\"><h1>Anmeldefrist: Montag, 9. Februar 2026 bis Freitag, 27. Februar 2026<\/h1><ul><li>09.02.2026 &#8211; 13.02.2026, t\u00e4glich von 8:00 Uhr bis 12:00 Uhr (Semesterferien)<\/li><li>16.02.2026 &#8211; 27.02.2026, t\u00e4glich von 7:30 Uhr bis 16:00 Uhr (freitags bis 12:00 Uhr)<\/li><\/ul><\/div>\t\t\t\t\t\t<\/div>\n\t\t\t\t<\/div>\n\t\t\t\t\t<\/div>\n\t\t<\/div>\n\t\t\t\t\t\t\t<\/div>\n\t\t<\/section>\n\t\t\t\t<section class=\"elementor-section elementor-top-section elementor-element elementor-element-82233d0 elementor-section-boxed elementor-section-height-default elementor-section-height-default wpr-particle-no wpr-jarallax-no wpr-parallax-no wpr-sticky-section-no\" data-id=\"82233d0\" data-element_type=\"section\" data-settings=\"{&quot;background_background&quot;:&quot;classic&quot;}\">\n\t\t\t\t\t\t<div class=\"elementor-container elementor-column-gap-default\">\n\t\t\t\t\t<div class=\"elementor-column elementor-col-100 elementor-top-column elementor-element elementor-element-ec99a8c\" data-id=\"ec99a8c\" data-element_type=\"column\" data-settings=\"{&quot;background_background&quot;:&quot;classic&quot;}\">\n\t\t\t<div class=\"elementor-widget-wrap elementor-element-populated\">\n\t\t\t\t\t\t\t\t<div class=\"elementor-element elementor-element-5702382 elementor-widget elementor-widget-text-editor\" data-id=\"5702382\" data-element_type=\"widget\" data-widget_type=\"text-editor.default\">\n\t\t\t\t<div class=\"elementor-widget-container\">\n\t\t\t\t\t\t\t<h1>Wie erfolgt die Anmeldung?<\/h1><p>Es erfolgt die Anmeldung an der Erstwunsch-Schule. Es k\u00f6nnen aber auf dem gelben Anmeldungsbogen gleichzeitig weitere Wunschschulen bekannt geben werden. Die Anmeldung kann per Postversand erfolgen, oder w\u00e4hrend der \u00d6ffnungszeiten pers\u00f6nlich im Sekretariat abgeben werden. Die Erstwunsch-Schule muss diese Anmeldung auf dem Original der Schulnachricht (Semesterzeugnis) mit Stempel und Datum best\u00e4tigen.<\/p>\t\t\t\t\t\t<\/div>\n\t\t\t\t<\/div>\n\t\t\t\t\t<\/div>\n\t\t<\/div>\n\t\t\t\t\t\t\t<\/div>\n\t\t<\/section>\n\t\t\t\t<section class=\"elementor-section elementor-top-section elementor-element elementor-element-71bc26a elementor-section-boxed elementor-section-height-default elementor-section-height-default wpr-particle-no wpr-jarallax-no wpr-parallax-no wpr-sticky-section-no\" data-id=\"71bc26a\" data-element_type=\"section\">\n\t\t\t\t\t\t<div class=\"elementor-container elementor-column-gap-default\">\n\t\t\t\t\t<div class=\"elementor-column elementor-col-100 elementor-top-column elementor-element elementor-element-c170a0f\" data-id=\"c170a0f\" data-element_type=\"column\">\n\t\t\t<div class=\"elementor-widget-wrap elementor-element-populated\">\n\t\t\t\t\t\t\t\t<div class=\"elementor-element elementor-element-652fd8f elementor-widget elementor-widget-image\" data-id=\"652fd8f\" data-element_type=\"widget\" data-widget_type=\"image.default\">\n\t\t\t\t<div class=\"elementor-widget-container\">\n\t\t\t\t\t\t\t\t\t\t\t\t\t\t\t<img loading=\"lazy\" decoding=\"async\" width=\"1024\" height=\"117\" src=\"https:\/\/www.hak-lienz.at\/web\/wp-content\/uploads\/2023\/07\/anmeldung_formulare-1024x117.jpg\" class=\"attachment-large size-large wp-image-1550\" alt=\"\" srcset=\"https:\/\/www.hak-lienz.at\/web\/wp-content\/uploads\/2023\/07\/anmeldung_formulare-1024x117.jpg 1024w, https:\/\/www.hak-lienz.at\/web\/wp-content\/uploads\/2023\/07\/anmeldung_formulare-300x34.jpg 300w, https:\/\/www.hak-lienz.at\/web\/wp-content\/uploads\/2023\/07\/anmeldung_formulare-768x87.jpg 768w, https:\/\/www.hak-lienz.at\/web\/wp-content\/uploads\/2023\/07\/anmeldung_formulare.jpg 1450w\" sizes=\"auto, (max-width: 1024px) 100vw, 1024px\" \/>\t\t\t\t\t\t\t\t\t\t\t\t\t\t\t<\/div>\n\t\t\t\t<\/div>\n\t\t\t\t\t<\/div>\n\t\t<\/div>\n\t\t\t\t\t\t\t<\/div>\n\t\t<\/section>\n\t\t\t\t<section class=\"elementor-section elementor-top-section elementor-element elementor-element-1c699da6 elementor-section-boxed elementor-section-height-default elementor-section-height-default wpr-particle-no wpr-jarallax-no wpr-parallax-no wpr-sticky-section-no\" data-id=\"1c699da6\" data-element_type=\"section\" data-settings=\"{&quot;background_background&quot;:&quot;classic&quot;}\">\n\t\t\t\t\t\t<div class=\"elementor-container elementor-column-gap-default\">\n\t\t\t\t\t<div class=\"elementor-column elementor-col-50 elementor-top-column elementor-element elementor-element-45dd0e17\" data-id=\"45dd0e17\" data-element_type=\"column\" data-settings=\"{&quot;background_background&quot;:&quot;classic&quot;}\">\n\t\t\t<div class=\"elementor-widget-wrap elementor-element-populated\">\n\t\t\t\t\t\t\t\t<div class=\"elementor-element elementor-element-30460d3 elementor-widget elementor-widget-text-editor\" data-id=\"30460d3\" data-element_type=\"widget\" data-widget_type=\"text-editor.default\">\n\t\t\t\t<div class=\"elementor-widget-container\">\n\t\t\t\t\t\t\t<h1>Was ist mitzubringen?<\/h1>\n<ul>\n \t<li>Anmeldebogen (ausgef\u00fcllt und vom Erziehungsberechtigten unterschrieben)<\/li>\n \t<li>Original der Schulnachricht der 8. Schulstufe 2025\/26 (falls die 8. Schulstufe bereits absolviert wurde, ist neben der Schulnachricht 2025\/26 auch das Abschluss- bzw. Jahreszeugnis der im Vorjahr besuchten Schulstufe vorzulegen).<\/li>\n \t<li>Elternfragebogen f\u00fcr die Schul\u00e4rztin (verschlossen in einem mit Namen und Geburtsdatum beschrifteten Kuvert)<\/li>\n \t<li>Kopie von Geburtsurkunde und Staatsb\u00fcrgerschaftsnachweis bzw. Reisepass<\/li>\n<\/ul>\t\t\t\t\t\t<\/div>\n\t\t\t\t<\/div>\n\t\t\t\t\t<\/div>\n\t\t<\/div>\n\t\t\t\t<div class=\"elementor-column elementor-col-50 elementor-top-column elementor-element elementor-element-5b2507b\" data-id=\"5b2507b\" data-element_type=\"column\" data-settings=\"{&quot;background_background&quot;:&quot;classic&quot;}\">\n\t\t\t<div class=\"elementor-widget-wrap elementor-element-populated\">\n\t\t\t\t\t\t\t\t<div class=\"elementor-element elementor-element-86bfde4 elementor-widget elementor-widget-html\" data-id=\"86bfde4\" data-element_type=\"widget\" data-widget_type=\"html.default\">\n\t\t\t\t<div class=\"elementor-widget-container\">\n\t\t\t<iframe src=\"https:\/\/www.hak-lienz.at\/web\/Downloads\/anmeldung1.php\" height=\"550\"><\/iframe>\t\t<\/div>\n\t\t\t\t<\/div>\n\t\t\t\t\t<\/div>\n\t\t<\/div>\n\t\t\t\t\t\t\t<\/div>\n\t\t<\/section>\n\t\t\t\t<section class=\"elementor-section elementor-top-section elementor-element elementor-element-1778d032 elementor-section-boxed elementor-section-height-default elementor-section-height-default wpr-particle-no wpr-jarallax-no wpr-parallax-no wpr-sticky-section-no\" data-id=\"1778d032\" data-element_type=\"section\" data-settings=\"{&quot;background_background&quot;:&quot;classic&quot;}\">\n\t\t\t\t\t\t<div class=\"elementor-container elementor-column-gap-default\">\n\t\t\t\t\t<div class=\"elementor-column elementor-col-50 elementor-top-column elementor-element elementor-element-7daab5c8\" data-id=\"7daab5c8\" data-element_type=\"column\" data-settings=\"{&quot;background_background&quot;:&quot;classic&quot;}\">\n\t\t\t<div class=\"elementor-widget-wrap elementor-element-populated\">\n\t\t\t\t\t\t\t\t<div class=\"elementor-element elementor-element-3389b06 elementor-widget elementor-widget-text-editor\" data-id=\"3389b06\" data-element_type=\"widget\" data-widget_type=\"text-editor.default\">\n\t\t\t\t<div class=\"elementor-widget-container\">\n\t\t\t\t\t\t\t<h1>Wie erfahren Sie, ob die Aufnahme erfolgreich war?<\/h1><p>Ende M\u00e4rz werden Sie von der HAK Lienz schriftlich \u00fcber die vorl\u00e4ufige Zuweisung eines Schulplatzes informiert. Die Zusage gilt als verbindlich, sofern das Jahres- und Abschlusszeugnis am 10. Juli 2026 den Aufnahmekriterien entspricht.<\/p>\t\t\t\t\t\t<\/div>\n\t\t\t\t<\/div>\n\t\t\t\t\t<\/div>\n\t\t<\/div>\n\t\t\t\t<div class=\"elementor-column elementor-col-50 elementor-top-column elementor-element elementor-element-18d97acf\" data-id=\"18d97acf\" data-element_type=\"column\" data-settings=\"{&quot;background_background&quot;:&quot;classic&quot;}\">\n\t\t\t<div class=\"elementor-widget-wrap elementor-element-populated\">\n\t\t\t\t\t\t\t\t<div class=\"elementor-element elementor-element-e4fe412 elementor-widget elementor-widget-text-editor\" data-id=\"e4fe412\" data-element_type=\"widget\" data-widget_type=\"text-editor.default\">\n\t\t\t\t<div class=\"elementor-widget-container\">\n\t\t\t\t\t\t\t<h1>Wie geht es weiter, wenn kein Platz zugewiesen wurde?<\/h1>\n<p>In diesem Fall weist die Bildungsdirektion Tirol bis sp\u00e4testens Ende April 2026 einen Schulplatz unter Ber\u00fccksichtigung Ihrer Schulw\u00fcnsche zu.<\/p>\t\t\t\t\t\t<\/div>\n\t\t\t\t<\/div>\n\t\t\t\t\t<\/div>\n\t\t<\/div>\n\t\t\t\t\t\t\t<\/div>\n\t\t<\/section>\n\t\t\t\t\t\t\t<\/div>\n\t\t","protected":false},"excerpt":{"rendered":"<p>Anmeldung f\u00fcr das Schuljahr 2026\/27 Anmeldefrist: Montag, 9. Februar 2026 bis Freitag, 27. Februar 2026 09.02.2026 &#8211; 13.02.2026, t\u00e4glich von 8:00 Uhr bis 12:00 Uhr (Semesterferien) 16.02.2026 &#8211; 27.02.2026, t\u00e4glich von 7:30 Uhr bis 16:00 Uhr (freitags bis 12:00 Uhr) Wie erfolgt die Anmeldung? Es erfolgt die Anmeldung an der Erstwunsch-Schule. Es k\u00f6nnen aber auf&#8230;<\/p>\n","protected":false},"author":1,"featured_media":0,"parent":0,"menu_order":0,"comment_status":"closed","ping_status":"closed","template":"","meta":{"_kad_post_transparent":"","_kad_post_title":"hide","_kad_post_layout":"default","_kad_post_sidebar_id":"","_kad_post_content_style":"unboxed","_kad_post_vertical_padding":"hide","_kad_post_feature":"hide","_kad_post_feature_position":"","_kad_post_header":false,"_kad_post_footer":false,"footnotes":""},"class_list":["post-155","page","type-page","status-publish","hentry"],"aioseo_notices":[],"_links":{"self":[{"href":"https:\/\/www.hak-lienz.at\/web\/wp-json\/wp\/v2\/pages\/155","targetHints":{"allow":["GET"]}}],"collection":[{"href":"https:\/\/www.hak-lienz.at\/web\/wp-json\/wp\/v2\/pages"}],"about":[{"href":"https:\/\/www.hak-lienz.at\/web\/wp-json\/wp\/v2\/types\/page"}],"author":[{"embeddable":true,"href":"https:\/\/www.hak-lienz.at\/web\/wp-json\/wp\/v2\/users\/1"}],"replies":[{"embeddable":true,"href":"https:\/\/www.hak-lienz.at\/web\/wp-json\/wp\/v2\/comments?post=155"}],"version-history":[{"count":129,"href":"https:\/\/www.hak-lienz.at\/web\/wp-json\/wp\/v2\/pages\/155\/revisions"}],"predecessor-version":[{"id":13794,"href":"https:\/\/www.hak-lienz.at\/web\/wp-json\/wp\/v2\/pages\/155\/revisions\/13794"}],"wp:attachment":[{"href":"https:\/\/www.hak-lienz.at\/web\/wp-json\/wp\/v2\/media?parent=155"}],"curies":[{"name":"wp","href":"https:\/\/api.w.org\/{rel}","templated":true}]}}